{"id":30,"date":"2020-03-02T08:32:09","date_gmt":"2020-03-02T07:32:09","guid":{"rendered":"https:\/\/bijoux.vamtam.com\/?page_id=30"},"modified":"2023-10-22T17:00:23","modified_gmt":"2023-10-22T15:00:23","slug":"journal","status":"publish","type":"page","link":"https:\/\/nb-bijoux.fr\/?page_id=30","title":{"rendered":"Actualit\u00e9s"},"content":{"rendered":"\t\t<div data-elementor-type=\"wp-page\" data-elementor-id=\"30\" class=\"elementor elementor-30\" data-elementor-post-type=\"page\">\n\t\t\t\t\t\t<section class=\"elementor-section elementor-top-section elementor-element elementor-element-577439e elementor-section-boxed elementor-section-height-default elementor-section-height-default\" data-id=\"577439e\" data-element_type=\"section\">\n\t\t\t\t\t\t<div class=\"elementor-container elementor-column-gap-default\">\n\t\t\t\t\t<div class=\"elementor-column elementor-col-100 elementor-top-column elementor-element elementor-element-086171b\" data-id=\"086171b\" data-element_type=\"column\">\n\t\t\t<div class=\"elementor-widget-wrap elementor-element-populated\">\n\t\t\t\t\t\t<div class=\"elementor-element elementor-element-118df69 elementor-grid-3 elementor-grid-tablet-2 elementor-grid-mobile-1 elementor-posts--thumbnail-top elementor-widget elementor-widget-posts\" data-id=\"118df69\" data-element_type=\"widget\" data-settings=\"{&quot;classic_row_gap&quot;:{&quot;unit&quot;:&quot;px&quot;,&quot;size&quot;:80,&quot;sizes&quot;:[]},&quot;classic_columns&quot;:&quot;3&quot;,&quot;classic_columns_tablet&quot;:&quot;2&quot;,&quot;classic_columns_mobile&quot;:&quot;1&quot;,&quot;classic_row_gap_tablet&quot;:{&quot;unit&quot;:&quot;px&quot;,&quot;size&quot;:&quot;&quot;,&quot;sizes&quot;:[]},&quot;classic_row_gap_mobile&quot;:{&quot;unit&quot;:&quot;px&quot;,&quot;size&quot;:&quot;&quot;,&quot;sizes&quot;:[]}}\" data-widget_type=\"posts.classic\">\n\t\t\t\t<div class=\"elementor-widget-container\">\n\t\t\t\t\t\t\t<div class=\"elementor-posts-container elementor-posts elementor-posts--skin-classic elementor-grid\" role=\"list\">\n\t\t\t\t<article class=\"elementor-post elementor-grid-item post-992674 post type-post status-publish format-standard has-post-thumbnail hentry category-exposition-vente category-marche-de-noel\" role=\"listitem\">\n\t\t\t\t<a class=\"elementor-post__thumbnail__link\" href=\"https:\/\/nb-bijoux.fr\/?p=992674\" tabindex=\"-1\" >\n\t\t\t<div class=\"elementor-post__thumbnail\"><img fetchpriority=\"high\" decoding=\"async\" width=\"768\" height=\"1086\" src=\"https:\/\/nb-bijoux.fr\/wp-content\/uploads\/2025\/12\/Marche-de-Noel-a-La-Chapelle-des-Ducs-2-768x1086.jpg\" class=\"attachment-medium_large size-medium_large wp-image-992679\" alt=\"\" srcset=\"https:\/\/nb-bijoux.fr\/wp-content\/uploads\/2025\/12\/Marche-de-Noel-a-La-Chapelle-des-Ducs-2-768x1086.jpg 768w, https:\/\/nb-bijoux.fr\/wp-content\/uploads\/2025\/12\/Marche-de-Noel-a-La-Chapelle-des-Ducs-2-212x300.jpg 212w, https:\/\/nb-bijoux.fr\/wp-content\/uploads\/2025\/12\/Marche-de-Noel-a-La-Chapelle-des-Ducs-2-724x1024.jpg 724w, https:\/\/nb-bijoux.fr\/wp-content\/uploads\/2025\/12\/Marche-de-Noel-a-La-Chapelle-des-Ducs-2-1086x1536.jpg 1086w, https:\/\/nb-bijoux.fr\/wp-content\/uploads\/2025\/12\/Marche-de-Noel-a-La-Chapelle-des-Ducs-2-630x891.jpg 630w, https:\/\/nb-bijoux.fr\/wp-content\/uploads\/2025\/12\/Marche-de-Noel-a-La-Chapelle-des-Ducs-2.jpg 1131w\" sizes=\"(max-width: 768px) 100vw, 768px\" \/><\/div>\n\t\t<\/a>\n\t\t\t\t<div class=\"elementor-post__text\">\n\t\t\t\t<h3 class=\"elementor-post__title\">\n\t\t\t<a href=\"https:\/\/nb-bijoux.fr\/?p=992674\" >\n\t\t\t\tMarch\u00e9 de No\u00ebl Samedi 13 et dimanche 14 d\u00e9cembre 2025\t\t\t<\/a>\n\t\t<\/h3>\n\t\t\t\t<div class=\"elementor-post__excerpt\">\n\t\t\t<p>A l\u2019approche des f\u00eates de fin d\u2019ann\u00e9e, La Chapelle des Ducs se pare de guirlandes scintillantes pour accueillir 18 artisans et producteurs locaux dans une<\/p>\n\t\t<\/div>\n\t\t\t\t<\/div>\n\t\t\t\t<\/article>\n\t\t\t\t<article class=\"elementor-post elementor-grid-item post-992559 post type-post status-publish format-standard has-post-thumbnail hentry category-exposition-vente\" role=\"listitem\">\n\t\t\t\t<a class=\"elementor-post__thumbnail__link\" href=\"https:\/\/nb-bijoux.fr\/?p=992559\" tabindex=\"-1\" >\n\t\t\t<div class=\"elementor-post__thumbnail\"><img decoding=\"async\" width=\"768\" height=\"960\" src=\"https:\/\/nb-bijoux.fr\/wp-content\/uploads\/2025\/06\/Post-Insta-2-768x960.png\" class=\"attachment-medium_large size-medium_large wp-image-992560\" alt=\"\" srcset=\"https:\/\/nb-bijoux.fr\/wp-content\/uploads\/2025\/06\/Post-Insta-2-768x960.png 768w, https:\/\/nb-bijoux.fr\/wp-content\/uploads\/2025\/06\/Post-Insta-2-240x300.png 240w, https:\/\/nb-bijoux.fr\/wp-content\/uploads\/2025\/06\/Post-Insta-2-819x1024.png 819w, https:\/\/nb-bijoux.fr\/wp-content\/uploads\/2025\/06\/Post-Insta-2-630x788.png 630w, https:\/\/nb-bijoux.fr\/wp-content\/uploads\/2025\/06\/Post-Insta-2.png 1080w\" sizes=\"(max-width: 768px) 100vw, 768px\" \/><\/div>\n\t\t<\/a>\n\t\t\t\t<div class=\"elementor-post__text\">\n\t\t\t\t<h3 class=\"elementor-post__title\">\n\t\t\t<a href=\"https:\/\/nb-bijoux.fr\/?p=992559\" >\n\t\t\t\tMarch\u00e9 de Cr\u00e9ateurs et Bien-\u00eatre\t\t\t<\/a>\n\t\t<\/h3>\n\t\t\t\t<div class=\"elementor-post__excerpt\">\n\t\t\t<p>Un moment unique \u00e0 ne pas manquer chez Harmonie Concept! \ud83c\udf3f Retrouvez des cr\u00e9ateurs locaux passionn\u00e9s: Entr\u00e9e libre &amp; gratuite \u2014 Venez d\u00e9couvrir, \u00e9changer, fl\u00e2ner<\/p>\n\t\t<\/div>\n\t\t\t\t<\/div>\n\t\t\t\t<\/article>\n\t\t\t\t<article class=\"elementor-post elementor-grid-item post-992409 post type-post status-publish format-standard has-post-thumbnail hentry category-exposition-vente\" role=\"listitem\">\n\t\t\t\t<a class=\"elementor-post__thumbnail__link\" href=\"https:\/\/nb-bijoux.fr\/?p=992409\" tabindex=\"-1\" >\n\t\t\t<div class=\"elementor-post__thumbnail\"><img decoding=\"async\" width=\"768\" height=\"1088\" src=\"https:\/\/nb-bijoux.fr\/wp-content\/uploads\/2025\/03\/Affiche-CIGV-15-et-16-Mars-2025-768x1088.jpg\" class=\"attachment-medium_large size-medium_large wp-image-992408\" alt=\"\" srcset=\"https:\/\/nb-bijoux.fr\/wp-content\/uploads\/2025\/03\/Affiche-CIGV-15-et-16-Mars-2025-768x1088.jpg 768w, https:\/\/nb-bijoux.fr\/wp-content\/uploads\/2025\/03\/Affiche-CIGV-15-et-16-Mars-2025-212x300.jpg 212w, https:\/\/nb-bijoux.fr\/wp-content\/uploads\/2025\/03\/Affiche-CIGV-15-et-16-Mars-2025-723x1024.jpg 723w, https:\/\/nb-bijoux.fr\/wp-content\/uploads\/2025\/03\/Affiche-CIGV-15-et-16-Mars-2025-1085x1536.jpg 1085w, https:\/\/nb-bijoux.fr\/wp-content\/uploads\/2025\/03\/Affiche-CIGV-15-et-16-Mars-2025-1260x1785.jpg 1260w, https:\/\/nb-bijoux.fr\/wp-content\/uploads\/2025\/03\/Affiche-CIGV-15-et-16-Mars-2025-630x892.jpg 630w, https:\/\/nb-bijoux.fr\/wp-content\/uploads\/2025\/03\/Affiche-CIGV-15-et-16-Mars-2025.jpg 1446w\" sizes=\"(max-width: 768px) 100vw, 768px\" \/><\/div>\n\t\t<\/a>\n\t\t\t\t<div class=\"elementor-post__text\">\n\t\t\t\t<h3 class=\"elementor-post__title\">\n\t\t\t<a href=\"https:\/\/nb-bijoux.fr\/?p=992409\" >\n\t\t\t\tExposition Artisanale \u00e0 la CIGV\t\t\t<\/a>\n\t\t<\/h3>\n\t\t\t\t<div class=\"elementor-post__excerpt\">\n\t\t\t<p>Pour commencer la saison des march\u00e9s de cr\u00e9ateurs, je vous donne rendez-vous samedi 15 et dimanche 16 mars \u00e0 La Cit\u00e9 Internationale de la Gastronomie<\/p>\n\t\t<\/div>\n\t\t\t\t<\/div>\n\t\t\t\t<\/article>\n\t\t\t\t<article class=\"elementor-post elementor-grid-item post-991809 post type-post status-publish format-standard has-post-thumbnail hentry category-exposition-vente category-marche-dart category-marche-de-noel tag-dijon tag-exposition tag-marche-de-createurs\" role=\"listitem\">\n\t\t\t\t<a class=\"elementor-post__thumbnail__link\" href=\"https:\/\/nb-bijoux.fr\/?p=991809\" tabindex=\"-1\" >\n\t\t\t<div class=\"elementor-post__thumbnail\"><img loading=\"lazy\" decoding=\"async\" width=\"768\" height=\"959\" src=\"https:\/\/nb-bijoux.fr\/wp-content\/uploads\/2024\/11\/Flyer-Noel-2024-pour-site-768x959.jpg\" class=\"attachment-medium_large size-medium_large wp-image-991898\" alt=\"\" srcset=\"https:\/\/nb-bijoux.fr\/wp-content\/uploads\/2024\/11\/Flyer-Noel-2024-pour-site-768x959.jpg 768w, https:\/\/nb-bijoux.fr\/wp-content\/uploads\/2024\/11\/Flyer-Noel-2024-pour-site-240x300.jpg 240w, https:\/\/nb-bijoux.fr\/wp-content\/uploads\/2024\/11\/Flyer-Noel-2024-pour-site-820x1024.jpg 820w, https:\/\/nb-bijoux.fr\/wp-content\/uploads\/2024\/11\/Flyer-Noel-2024-pour-site-630x787.jpg 630w, https:\/\/nb-bijoux.fr\/wp-content\/uploads\/2024\/11\/Flyer-Noel-2024-pour-site.jpg 927w\" sizes=\"(max-width: 768px) 100vw, 768px\" \/><\/div>\n\t\t<\/a>\n\t\t\t\t<div class=\"elementor-post__text\">\n\t\t\t\t<h3 class=\"elementor-post__title\">\n\t\t\t<a href=\"https:\/\/nb-bijoux.fr\/?p=991809\" >\n\t\t\t\tMarch\u00e9s de No\u00ebl 2024\t\t\t<\/a>\n\t\t<\/h3>\n\t\t\t\t<div class=\"elementor-post__excerpt\">\n\t\t\t<p>Venez d\u00e9couvrir mes derni\u00e8res cr\u00e9ations de bijoux, pour offrir des pi\u00e8ces uniques ou pour vous faire plaisir en cette fin d&rsquo;ann\u00e9e. Entour\u00e9e de nombreux artisans<\/p>\n\t\t<\/div>\n\t\t\t\t<\/div>\n\t\t\t\t<\/article>\n\t\t\t\t<article class=\"elementor-post elementor-grid-item post-991022 post type-post status-publish format-standard has-post-thumbnail hentry category-exposition-vente tag-dijon tag-exposition tag-marche-de-createurs\" role=\"listitem\">\n\t\t\t\t<a class=\"elementor-post__thumbnail__link\" href=\"https:\/\/nb-bijoux.fr\/?p=991022\" tabindex=\"-1\" >\n\t\t\t<div class=\"elementor-post__thumbnail\"><img loading=\"lazy\" decoding=\"async\" width=\"768\" height=\"1119\" src=\"https:\/\/nb-bijoux.fr\/wp-content\/uploads\/2023\/10\/Marche-de-createurs-2023-Visuel-final-768x1119.png\" class=\"attachment-medium_large size-medium_large wp-image-991023\" alt=\"\" srcset=\"https:\/\/nb-bijoux.fr\/wp-content\/uploads\/2023\/10\/Marche-de-createurs-2023-Visuel-final-768x1119.png 768w, https:\/\/nb-bijoux.fr\/wp-content\/uploads\/2023\/10\/Marche-de-createurs-2023-Visuel-final-206x300.png 206w, https:\/\/nb-bijoux.fr\/wp-content\/uploads\/2023\/10\/Marche-de-createurs-2023-Visuel-final-703x1024.png 703w, https:\/\/nb-bijoux.fr\/wp-content\/uploads\/2023\/10\/Marche-de-createurs-2023-Visuel-final-1055x1536.png 1055w\" sizes=\"(max-width: 768px) 100vw, 768px\" \/><\/div>\n\t\t<\/a>\n\t\t\t\t<div class=\"elementor-post__text\">\n\t\t\t\t<h3 class=\"elementor-post__title\">\n\t\t\t<a href=\"https:\/\/nb-bijoux.fr\/?p=991022\" >\n\t\t\t\tLe March\u00e9 des Cr\u00e9ateurs 100% local\t\t\t<\/a>\n\t\t<\/h3>\n\t\t\t\t<div class=\"elementor-post__excerpt\">\n\t\t\t<p>Rendez-vous Dimanche 15 octobre Place Notre Dame pour le dernier March\u00e9 des Cr\u00e9ateurs 100% local de l&rsquo;ann\u00e9e organis\u00e9 par Shop in Dijon! J&rsquo;aurai le plaisir<\/p>\n\t\t<\/div>\n\t\t\t\t<\/div>\n\t\t\t\t<\/article>\n\t\t\t\t<article class=\"elementor-post elementor-grid-item post-990911 post type-post status-publish format-standard has-post-thumbnail hentry category-exposition-vente category-marche-dart tag-dijon tag-exposition tag-marche-de-createurs tag-vente\" role=\"listitem\">\n\t\t\t\t<a class=\"elementor-post__thumbnail__link\" href=\"https:\/\/nb-bijoux.fr\/?p=990911\" tabindex=\"-1\" >\n\t\t\t<div class=\"elementor-post__thumbnail\"><img loading=\"lazy\" decoding=\"async\" width=\"768\" height=\"1367\" src=\"https:\/\/nb-bijoux.fr\/wp-content\/uploads\/2023\/09\/Arty-Party-768x1367.jpg\" class=\"attachment-medium_large size-medium_large wp-image-990912\" alt=\"\" srcset=\"https:\/\/nb-bijoux.fr\/wp-content\/uploads\/2023\/09\/Arty-Party-768x1367.jpg 768w, https:\/\/nb-bijoux.fr\/wp-content\/uploads\/2023\/09\/Arty-Party-169x300.jpg 169w, https:\/\/nb-bijoux.fr\/wp-content\/uploads\/2023\/09\/Arty-Party-575x1024.jpg 575w, https:\/\/nb-bijoux.fr\/wp-content\/uploads\/2023\/09\/Arty-Party-863x1536.jpg 863w, https:\/\/nb-bijoux.fr\/wp-content\/uploads\/2023\/09\/Arty-Party-630x1121.jpg 630w, https:\/\/nb-bijoux.fr\/wp-content\/uploads\/2023\/09\/Arty-Party.jpg 899w\" sizes=\"(max-width: 768px) 100vw, 768px\" \/><\/div>\n\t\t<\/a>\n\t\t\t\t<div class=\"elementor-post__text\">\n\t\t\t\t<h3 class=\"elementor-post__title\">\n\t\t\t<a href=\"https:\/\/nb-bijoux.fr\/?p=990911\" >\n\t\t\t\tL&rsquo;Arty Party\t\t\t<\/a>\n\t\t<\/h3>\n\t\t\t\t<div class=\"elementor-post__excerpt\">\n\t\t\t<p>Venez d\u00e9couvrir le travail d&rsquo;une dizaine de cr\u00e9ateurs et d&rsquo;artisans dans un cadre convivial tout en profitant d&rsquo;une restauration locale sur place! Au programme: De<\/p>\n\t\t<\/div>\n\t\t\t\t<\/div>\n\t\t\t\t<\/article>\n\t\t\t\t<article class=\"elementor-post elementor-grid-item post-990373 post type-post status-publish format-standard has-post-thumbnail hentry category-distributeur tag-bijouterie-dijon tag-collection-karukera tag-distributeur\" role=\"listitem\">\n\t\t\t\t<a class=\"elementor-post__thumbnail__link\" href=\"https:\/\/nb-bijoux.fr\/?p=990373\" tabindex=\"-1\" >\n\t\t\t<div class=\"elementor-post__thumbnail\"><img loading=\"lazy\" decoding=\"async\" width=\"750\" height=\"648\" src=\"https:\/\/nb-bijoux.fr\/wp-content\/uploads\/2023\/08\/367750956_843306116950101_5995827436932834954_n-1.jpg\" class=\"attachment-medium_large size-medium_large wp-image-990306\" alt=\"\" srcset=\"https:\/\/nb-bijoux.fr\/wp-content\/uploads\/2023\/08\/367750956_843306116950101_5995827436932834954_n-1.jpg 750w, https:\/\/nb-bijoux.fr\/wp-content\/uploads\/2023\/08\/367750956_843306116950101_5995827436932834954_n-1-300x259.jpg 300w, https:\/\/nb-bijoux.fr\/wp-content\/uploads\/2023\/08\/367750956_843306116950101_5995827436932834954_n-1-630x544.jpg 630w\" sizes=\"(max-width: 750px) 100vw, 750px\" \/><\/div>\n\t\t<\/a>\n\t\t\t\t<div class=\"elementor-post__text\">\n\t\t\t\t<h3 class=\"elementor-post__title\">\n\t\t\t<a href=\"https:\/\/nb-bijoux.fr\/?p=990373\" >\n\t\t\t\tCollection Karukera\t\t\t<\/a>\n\t\t<\/h3>\n\t\t\t\t<div class=\"elementor-post__excerpt\">\n\t\t\t<p>La collection Karukera s&rsquo;inspire des couleurs \u00e9blouissantes des Cara\u00efbes! Le bleu turquoise des lagons, le vert des for\u00eats tropicales, le blanc \u00e9clatant du sable de<\/p>\n\t\t<\/div>\n\t\t\t\t<\/div>\n\t\t\t\t<\/article>\n\t\t\t\t<article class=\"elementor-post elementor-grid-item post-990231 post type-post status-publish format-standard has-post-thumbnail hentry category-exposition-vente category-marche-dart tag-art tag-bijouterie tag-bijoux tag-dijon tag-marche\" role=\"listitem\">\n\t\t\t\t<a class=\"elementor-post__thumbnail__link\" href=\"https:\/\/nb-bijoux.fr\/?p=990231\" tabindex=\"-1\" >\n\t\t\t<div class=\"elementor-post__thumbnail\"><img loading=\"lazy\" decoding=\"async\" width=\"768\" height=\"1119\" src=\"https:\/\/nb-bijoux.fr\/wp-content\/uploads\/2023\/10\/Marche-de-createurs-2023-Visuel-final-768x1119.png\" class=\"attachment-medium_large size-medium_large wp-image-991023\" alt=\"\" srcset=\"https:\/\/nb-bijoux.fr\/wp-content\/uploads\/2023\/10\/Marche-de-createurs-2023-Visuel-final-768x1119.png 768w, https:\/\/nb-bijoux.fr\/wp-content\/uploads\/2023\/10\/Marche-de-createurs-2023-Visuel-final-206x300.png 206w, https:\/\/nb-bijoux.fr\/wp-content\/uploads\/2023\/10\/Marche-de-createurs-2023-Visuel-final-703x1024.png 703w, https:\/\/nb-bijoux.fr\/wp-content\/uploads\/2023\/10\/Marche-de-createurs-2023-Visuel-final-1055x1536.png 1055w\" sizes=\"(max-width: 768px) 100vw, 768px\" \/><\/div>\n\t\t<\/a>\n\t\t\t\t<div class=\"elementor-post__text\">\n\t\t\t\t<h3 class=\"elementor-post__title\">\n\t\t\t<a href=\"https:\/\/nb-bijoux.fr\/?p=990231\" >\n\t\t\t\tLe March\u00e9 des Cr\u00e9ateurs 100% local\t\t\t<\/a>\n\t\t<\/h3>\n\t\t\t\t<div class=\"elementor-post__excerpt\">\n\t\t\t<p>Ce March\u00e9 de Cr\u00e9ateurs 100% local organis\u00e9 par Shop In Dijon chaque troisi\u00e8me dimanche du mois est l&rsquo;occasion de d\u00e9couvrir le travail d&rsquo;une quinzaine de<\/p>\n\t\t<\/div>\n\t\t\t\t<\/div>\n\t\t\t\t<\/article>\n\t\t\t\t<article class=\"elementor-post elementor-grid-item post-989167 post type-post status-publish format-standard has-post-thumbnail hentry category-exposition-vente category-marche-dart tag-exposition\" role=\"listitem\">\n\t\t\t\t<a class=\"elementor-post__thumbnail__link\" href=\"https:\/\/nb-bijoux.fr\/?p=989167\" tabindex=\"-1\" >\n\t\t\t<div class=\"elementor-post__thumbnail\"><img loading=\"lazy\" decoding=\"async\" width=\"768\" height=\"543\" src=\"https:\/\/nb-bijoux.fr\/wp-content\/uploads\/2023\/03\/carte-postale-Vdef-768x543.jpg\" class=\"attachment-medium_large size-medium_large wp-image-989168\" alt=\"\" srcset=\"https:\/\/nb-bijoux.fr\/wp-content\/uploads\/2023\/03\/carte-postale-Vdef-768x543.jpg 768w, https:\/\/nb-bijoux.fr\/wp-content\/uploads\/2023\/03\/carte-postale-Vdef-300x212.jpg 300w, https:\/\/nb-bijoux.fr\/wp-content\/uploads\/2023\/03\/carte-postale-Vdef-1024x724.jpg 1024w, https:\/\/nb-bijoux.fr\/wp-content\/uploads\/2023\/03\/carte-postale-Vdef-1536x1086.jpg 1536w, https:\/\/nb-bijoux.fr\/wp-content\/uploads\/2023\/03\/carte-postale-Vdef-1260x891.jpg 1260w, https:\/\/nb-bijoux.fr\/wp-content\/uploads\/2023\/03\/carte-postale-Vdef-630x445.jpg 630w, https:\/\/nb-bijoux.fr\/wp-content\/uploads\/2023\/03\/carte-postale-Vdef.jpg 1754w\" sizes=\"(max-width: 768px) 100vw, 768px\" \/><\/div>\n\t\t<\/a>\n\t\t\t\t<div class=\"elementor-post__text\">\n\t\t\t\t<h3 class=\"elementor-post__title\">\n\t\t\t<a href=\"https:\/\/nb-bijoux.fr\/?p=989167\" >\n\t\t\t\t\u00ab\u00a0Dans le coeur des Ateliers\u00a0\u00bb\t\t\t<\/a>\n\t\t<\/h3>\n\t\t\t\t<div class=\"elementor-post__excerpt\">\n\t\t\t<p>Cr\u00e9atrices en live et boutique \u00e9ph\u00e9m\u00e8re \u00e0 l&rsquo;H\u00f4tel de Vog\u00fce, 8 rue de la Chouette \u00e0 Dijon Samedi 22 et dimanche 23 avril 2023 Avec<\/p>\n\t\t<\/div>\n\t\t\t\t<\/div>\n\t\t\t\t<\/article>\n\t\t\t\t<article class=\"elementor-post elementor-grid-item post-1434 post type-post status-publish format-standard has-post-thumbnail hentry category-vente-privee tag-dijon tag-exposition tag-noel tag-vente-privee\" role=\"listitem\">\n\t\t\t\t<a class=\"elementor-post__thumbnail__link\" href=\"https:\/\/nb-bijoux.fr\/?p=1434\" tabindex=\"-1\" >\n\t\t\t<div class=\"elementor-post__thumbnail\"><img loading=\"lazy\" decoding=\"async\" width=\"738\" height=\"662\" src=\"https:\/\/nb-bijoux.fr\/wp-content\/uploads\/2022\/11\/IMG_2719-1.jpg\" class=\"attachment-medium_large size-medium_large wp-image-988007\" alt=\"\" srcset=\"https:\/\/nb-bijoux.fr\/wp-content\/uploads\/2022\/11\/IMG_2719-1.jpg 738w, https:\/\/nb-bijoux.fr\/wp-content\/uploads\/2022\/11\/IMG_2719-1-630x565.jpg 630w, https:\/\/nb-bijoux.fr\/wp-content\/uploads\/2022\/11\/IMG_2719-1-300x269.jpg 300w\" sizes=\"(max-width: 738px) 100vw, 738px\" \/><\/div>\n\t\t<\/a>\n\t\t\t\t<div class=\"elementor-post__text\">\n\t\t\t\t<h3 class=\"elementor-post__title\">\n\t\t\t<a href=\"https:\/\/nb-bijoux.fr\/?p=1434\" >\n\t\t\t\tVente priv\u00e9e No\u00ebl 2022\t\t\t<\/a>\n\t\t<\/h3>\n\t\t\t\t<div class=\"elementor-post__excerpt\">\n\t\t\t<p>Vente priv\u00e9e du 9 au 18 d\u00e9cembre \u00e0 mon atelier au 45 rue de la Pr\u00e9fecture en duo avec Carole Grandgirard.<\/p>\n\t\t<\/div>\n\t\t\t\t<\/div>\n\t\t\t\t<\/article>\n\t\t\t\t<article class=\"elementor-post elementor-grid-item post-1483 post type-post status-publish format-standard has-post-thumbnail hentry category-marche-de-noel tag-artisans tag-jardins-du-departement-de-cote-dor tag-marche-de-noel\" role=\"listitem\">\n\t\t\t\t<a class=\"elementor-post__thumbnail__link\" href=\"https:\/\/nb-bijoux.fr\/?p=1483\" tabindex=\"-1\" >\n\t\t\t<div class=\"elementor-post__thumbnail\"><img loading=\"lazy\" decoding=\"async\" width=\"561\" height=\"776\" src=\"https:\/\/nb-bijoux.fr\/wp-content\/uploads\/2022\/11\/IMG_2673-1.jpg\" class=\"attachment-medium_large size-medium_large wp-image-988005\" alt=\"\" srcset=\"https:\/\/nb-bijoux.fr\/wp-content\/uploads\/2022\/11\/IMG_2673-1.jpg 561w, https:\/\/nb-bijoux.fr\/wp-content\/uploads\/2022\/11\/IMG_2673-1-217x300.jpg 217w\" sizes=\"(max-width: 561px) 100vw, 561px\" \/><\/div>\n\t\t<\/a>\n\t\t\t\t<div class=\"elementor-post__text\">\n\t\t\t\t<h3 class=\"elementor-post__title\">\n\t\t\t<a href=\"https:\/\/nb-bijoux.fr\/?p=1483\" >\n\t\t\t\tMarch\u00e9 de No\u00ebl 2022 du Conseil D\u00e9partemental 21\t\t\t<\/a>\n\t\t<\/h3>\n\t\t\t\t<div class=\"elementor-post__excerpt\">\n\t\t\t<p>Retrouvez moi au march\u00e9 d&rsquo;hiver du 2 au 3. d\u00e9cembre 2022 au jardin du Conseil D\u00e9partemental de C\u00f4te d&rsquo;Or 27 Bd de la Tr\u00e9mouille \u00e0<\/p>\n\t\t<\/div>\n\t\t\t\t<\/div>\n\t\t\t\t<\/article>\n\t\t\t\t<article class=\"elementor-post elementor-grid-item post-1491 post type-post status-publish format-standard has-post-thumbnail hentry category-marche-dart tag-art tag-bijouterie tag-bijoux tag-dijon tag-marche\" role=\"listitem\">\n\t\t\t\t<a class=\"elementor-post__thumbnail__link\" href=\"https:\/\/nb-bijoux.fr\/?p=1491\" tabindex=\"-1\" >\n\t\t\t<div class=\"elementor-post__thumbnail\"><img loading=\"lazy\" decoding=\"async\" width=\"768\" height=\"1086\" src=\"https:\/\/nb-bijoux.fr\/wp-content\/uploads\/2022\/11\/IMG_2609-1-768x1086.jpg\" class=\"attachment-medium_large size-medium_large wp-image-988006\" alt=\"\" srcset=\"https:\/\/nb-bijoux.fr\/wp-content\/uploads\/2022\/11\/IMG_2609-1-768x1086.jpg 768w, https:\/\/nb-bijoux.fr\/wp-content\/uploads\/2022\/11\/IMG_2609-1-630x891.jpg 630w, https:\/\/nb-bijoux.fr\/wp-content\/uploads\/2022\/11\/IMG_2609-1-212x300.jpg 212w, https:\/\/nb-bijoux.fr\/wp-content\/uploads\/2022\/11\/IMG_2609-1-724x1024.jpg 724w, https:\/\/nb-bijoux.fr\/wp-content\/uploads\/2022\/11\/IMG_2609-1-1086x1536.jpg 1086w, https:\/\/nb-bijoux.fr\/wp-content\/uploads\/2022\/11\/IMG_2609-1-1260x1782.jpg 1260w, https:\/\/nb-bijoux.fr\/wp-content\/uploads\/2022\/11\/IMG_2609-1.jpg 1448w\" sizes=\"(max-width: 768px) 100vw, 768px\" \/><\/div>\n\t\t<\/a>\n\t\t\t\t<div class=\"elementor-post__text\">\n\t\t\t\t<h3 class=\"elementor-post__title\">\n\t\t\t<a href=\"https:\/\/nb-bijoux.fr\/?p=1491\" >\n\t\t\t\tMarch\u00e9 d&rsquo;Automne \u00e0 Montchapet\t\t\t<\/a>\n\t\t<\/h3>\n\t\t\t\t<div class=\"elementor-post__excerpt\">\n\t\t\t<p>Dimanche 23 octobre avait lieu le March\u00e9 d&rsquo;Automne du Quartier Montchapet. Dans l&rsquo;enceinte du Square Darius Milhaud 10 artistes, producteurs et artisans ont expos\u00e9 leurs<\/p>\n\t\t<\/div>\n\t\t\t\t<\/div>\n\t\t\t\t<\/article>\n\t\t\t\t<article class=\"elementor-post elementor-grid-item post-1487 post type-post status-publish format-standard has-post-thumbnail hentry category-marche-dart tag-art tag-bijouterie tag-bijoux\" role=\"listitem\">\n\t\t\t\t<a class=\"elementor-post__thumbnail__link\" href=\"https:\/\/nb-bijoux.fr\/?p=1487\" tabindex=\"-1\" >\n\t\t\t<div class=\"elementor-post__thumbnail\"><img loading=\"lazy\" decoding=\"async\" width=\"768\" height=\"960\" src=\"https:\/\/nb-bijoux.fr\/wp-content\/uploads\/2022\/11\/25120037-8DC1-446D-941F-E7133AF33ED2-768x960.jpg\" class=\"attachment-medium_large size-medium_large wp-image-988004\" alt=\"\" srcset=\"https:\/\/nb-bijoux.fr\/wp-content\/uploads\/2022\/11\/25120037-8DC1-446D-941F-E7133AF33ED2-768x960.jpg 768w, https:\/\/nb-bijoux.fr\/wp-content\/uploads\/2022\/11\/25120037-8DC1-446D-941F-E7133AF33ED2-630x788.jpg 630w, https:\/\/nb-bijoux.fr\/wp-content\/uploads\/2022\/11\/25120037-8DC1-446D-941F-E7133AF33ED2-240x300.jpg 240w, https:\/\/nb-bijoux.fr\/wp-content\/uploads\/2022\/11\/25120037-8DC1-446D-941F-E7133AF33ED2-819x1024.jpg 819w, https:\/\/nb-bijoux.fr\/wp-content\/uploads\/2022\/11\/25120037-8DC1-446D-941F-E7133AF33ED2-1229x1536.jpg 1229w, https:\/\/nb-bijoux.fr\/wp-content\/uploads\/2022\/11\/25120037-8DC1-446D-941F-E7133AF33ED2-1260x1575.jpg 1260w, https:\/\/nb-bijoux.fr\/wp-content\/uploads\/2022\/11\/25120037-8DC1-446D-941F-E7133AF33ED2.jpg 1440w\" sizes=\"(max-width: 768px) 100vw, 768px\" \/><\/div>\n\t\t<\/a>\n\t\t\t\t<div class=\"elementor-post__text\">\n\t\t\t\t<h3 class=\"elementor-post__title\">\n\t\t\t<a href=\"https:\/\/nb-bijoux.fr\/?p=1487\" >\n\t\t\t\tMarch\u00e9 d&rsquo;Et\u00e9 100% C\u00f4te d&rsquo;Or\t\t\t<\/a>\n\t\t<\/h3>\n\t\t\t\t<div class=\"elementor-post__excerpt\">\n\t\t\t<p>March\u00e9 d&rsquo;Et\u00e9 du 2 au 3 d\u00e9cembre 2022 de 9h \u00e0 19h dans Les Jardins du D\u00e9partement.<\/p>\n\t\t<\/div>\n\t\t\t\t<\/div>\n\t\t\t\t<\/article>\n\t\t\t\t<\/div>\n\t\t\n\t\t\t\t\t\t<\/div>\n\t\t\t\t<\/div>\n\t\t\t\t\t<\/div>\n\t\t<\/div>\n\t\t\t\t\t<\/div>\n\t\t<\/section>\n\t\t\t\t<\/div>\n\t\t","protected":false},"excerpt":{"rendered":"","protected":false},"author":1,"featured_media":0,"parent":0,"menu_order":0,"comment_status":"closed","ping_status":"closed","template":"","meta":{"footnotes":""},"class_list":["post-30","page","type-page","status-publish","hentry"],"yoast_head":"<!-- This site is optimized with the Yoast SEO plugin v27.5 - https:\/\/yoast.com\/product\/yoast-seo-wordpress\/ -->\n<title>Actualit\u00e9s - Najette Bordji, cr\u00e9atrice de bijoux artisan d&#039;art<\/title>\n<meta name=\"description\" content=\"Suivez toute l&#039;actualit\u00e9 de Najette Bordji, bijouti\u00e8re cr\u00e9atrice et tenez-vous inform\u00e9s de ses prochains \u00e9v\u00e8nements et march\u00e9s de cr\u00e9ateurs!\" \/>\n<meta name=\"robots\" content=\"index, follow, max-snippet:-1, max-image-preview:large, max-video-preview:-1\" \/>\n<link rel=\"canonical\" href=\"https:\/\/nb-bijoux.fr\/?page_id=30\" \/>\n<meta property=\"og:locale\" content=\"fr_FR\" \/>\n<meta property=\"og:type\" content=\"article\" \/>\n<meta property=\"og:title\" content=\"Actualit\u00e9s - Najette Bordji, cr\u00e9atrice de bijoux artisan d&#039;art\" \/>\n<meta property=\"og:description\" content=\"Suivez toute l&#039;actualit\u00e9 de Najette Bordji, bijouti\u00e8re cr\u00e9atrice et tenez-vous inform\u00e9s de ses prochains \u00e9v\u00e8nements et march\u00e9s de cr\u00e9ateurs!\" \/>\n<meta property=\"og:url\" content=\"https:\/\/nb-bijoux.fr\/?page_id=30\" \/>\n<meta property=\"og:site_name\" content=\"Najette Bordji, cr\u00e9atrice de bijoux artisan d&#039;art\" \/>\n<meta property=\"article:publisher\" content=\"https:\/\/www.facebook.com\/najette.bordjibijoux\" \/>\n<meta property=\"article:modified_time\" content=\"2023-10-22T15:00:23+00:00\" \/>\n<meta name=\"twitter:card\" content=\"summary_large_image\" \/>\n<script type=\"application\/ld+json\" class=\"yoast-schema-graph\">{\"@context\":\"https:\\\/\\\/schema.org\",\"@graph\":[{\"@type\":\"WebPage\",\"@id\":\"https:\\\/\\\/nb-bijoux.fr\\\/?page_id=30\",\"url\":\"https:\\\/\\\/nb-bijoux.fr\\\/?page_id=30\",\"name\":\"Actualit\u00e9s - Najette Bordji, cr\u00e9atrice de bijoux artisan d&#039;art\",\"isPartOf\":{\"@id\":\"https:\\\/\\\/nb-bijoux.fr\\\/#website\"},\"datePublished\":\"2020-03-02T07:32:09+00:00\",\"dateModified\":\"2023-10-22T15:00:23+00:00\",\"description\":\"Suivez toute l'actualit\u00e9 de Najette Bordji, bijouti\u00e8re cr\u00e9atrice et tenez-vous inform\u00e9s de ses prochains \u00e9v\u00e8nements et march\u00e9s de cr\u00e9ateurs!\",\"breadcrumb\":{\"@id\":\"https:\\\/\\\/nb-bijoux.fr\\\/?page_id=30#breadcrumb\"},\"inLanguage\":\"fr-FR\",\"potentialAction\":[{\"@type\":\"ReadAction\",\"target\":[\"https:\\\/\\\/nb-bijoux.fr\\\/?page_id=30\"]}]},{\"@type\":\"BreadcrumbList\",\"@id\":\"https:\\\/\\\/nb-bijoux.fr\\\/?page_id=30#breadcrumb\",\"itemListElement\":[{\"@type\":\"ListItem\",\"position\":1,\"name\":\"Accueil\",\"item\":\"https:\\\/\\\/nb-bijoux.fr\\\/\"},{\"@type\":\"ListItem\",\"position\":2,\"name\":\"Actualit\u00e9s\"}]},{\"@type\":\"WebSite\",\"@id\":\"https:\\\/\\\/nb-bijoux.fr\\\/#website\",\"url\":\"https:\\\/\\\/nb-bijoux.fr\\\/\",\"name\":\"nb-bijoux\",\"description\":\"La boutique de Najette Bordji, bijoux d&#039;art et Haute-Fantaisie\",\"publisher\":{\"@id\":\"https:\\\/\\\/nb-bijoux.fr\\\/#organization\"},\"potentialAction\":[{\"@type\":\"SearchAction\",\"target\":{\"@type\":\"EntryPoint\",\"urlTemplate\":\"https:\\\/\\\/nb-bijoux.fr\\\/?s={search_term_string}\"},\"query-input\":{\"@type\":\"PropertyValueSpecification\",\"valueRequired\":true,\"valueName\":\"search_term_string\"}}],\"inLanguage\":\"fr-FR\"},{\"@type\":\"Organization\",\"@id\":\"https:\\\/\\\/nb-bijoux.fr\\\/#organization\",\"name\":\"Boutique de Najette Bordji, cr\u00e9atrice de bijoux artisan d'Art\",\"url\":\"https:\\\/\\\/nb-bijoux.fr\\\/\",\"logo\":{\"@type\":\"ImageObject\",\"inLanguage\":\"fr-FR\",\"@id\":\"https:\\\/\\\/nb-bijoux.fr\\\/#\\\/schema\\\/logo\\\/image\\\/\",\"url\":\"https:\\\/\\\/nb-bijoux.fr\\\/wp-content\\\/uploads\\\/2023\\\/08\\\/cropped-cropped-cropped-logo.png\",\"contentUrl\":\"https:\\\/\\\/nb-bijoux.fr\\\/wp-content\\\/uploads\\\/2023\\\/08\\\/cropped-cropped-cropped-logo.png\",\"width\":400,\"height\":60,\"caption\":\"Boutique de Najette Bordji, cr\u00e9atrice de bijoux artisan d'Art\"},\"image\":{\"@id\":\"https:\\\/\\\/nb-bijoux.fr\\\/#\\\/schema\\\/logo\\\/image\\\/\"},\"sameAs\":[\"https:\\\/\\\/www.facebook.com\\\/najette.bordjibijoux\",\"https:\\\/\\\/www.instagram.com\\\/najettebordji\\\/\"]}]}<\/script>\n<!-- \/ Yoast SEO plugin. -->","yoast_head_json":{"title":"Actualit\u00e9s - Najette Bordji, cr\u00e9atrice de bijoux artisan d&#039;art","description":"Suivez toute l'actualit\u00e9 de Najette Bordji, bijouti\u00e8re cr\u00e9atrice et tenez-vous inform\u00e9s de ses prochains \u00e9v\u00e8nements et march\u00e9s de cr\u00e9ateurs!","robots":{"index":"index","follow":"follow","max-snippet":"max-snippet:-1","max-image-preview":"max-image-preview:large","max-video-preview":"max-video-preview:-1"},"canonical":"https:\/\/nb-bijoux.fr\/?page_id=30","og_locale":"fr_FR","og_type":"article","og_title":"Actualit\u00e9s - Najette Bordji, cr\u00e9atrice de bijoux artisan d&#039;art","og_description":"Suivez toute l'actualit\u00e9 de Najette Bordji, bijouti\u00e8re cr\u00e9atrice et tenez-vous inform\u00e9s de ses prochains \u00e9v\u00e8nements et march\u00e9s de cr\u00e9ateurs!","og_url":"https:\/\/nb-bijoux.fr\/?page_id=30","og_site_name":"Najette Bordji, cr\u00e9atrice de bijoux artisan d&#039;art","article_publisher":"https:\/\/www.facebook.com\/najette.bordjibijoux","article_modified_time":"2023-10-22T15:00:23+00:00","twitter_card":"summary_large_image","schema":{"@context":"https:\/\/schema.org","@graph":[{"@type":"WebPage","@id":"https:\/\/nb-bijoux.fr\/?page_id=30","url":"https:\/\/nb-bijoux.fr\/?page_id=30","name":"Actualit\u00e9s - Najette Bordji, cr\u00e9atrice de bijoux artisan d&#039;art","isPartOf":{"@id":"https:\/\/nb-bijoux.fr\/#website"},"datePublished":"2020-03-02T07:32:09+00:00","dateModified":"2023-10-22T15:00:23+00:00","description":"Suivez toute l'actualit\u00e9 de Najette Bordji, bijouti\u00e8re cr\u00e9atrice et tenez-vous inform\u00e9s de ses prochains \u00e9v\u00e8nements et march\u00e9s de cr\u00e9ateurs!","breadcrumb":{"@id":"https:\/\/nb-bijoux.fr\/?page_id=30#breadcrumb"},"inLanguage":"fr-FR","potentialAction":[{"@type":"ReadAction","target":["https:\/\/nb-bijoux.fr\/?page_id=30"]}]},{"@type":"BreadcrumbList","@id":"https:\/\/nb-bijoux.fr\/?page_id=30#breadcrumb","itemListElement":[{"@type":"ListItem","position":1,"name":"Accueil","item":"https:\/\/nb-bijoux.fr\/"},{"@type":"ListItem","position":2,"name":"Actualit\u00e9s"}]},{"@type":"WebSite","@id":"https:\/\/nb-bijoux.fr\/#website","url":"https:\/\/nb-bijoux.fr\/","name":"nb-bijoux","description":"La boutique de Najette Bordji, bijoux d&#039;art et Haute-Fantaisie","publisher":{"@id":"https:\/\/nb-bijoux.fr\/#organization"},"potentialAction":[{"@type":"SearchAction","target":{"@type":"EntryPoint","urlTemplate":"https:\/\/nb-bijoux.fr\/?s={search_term_string}"},"query-input":{"@type":"PropertyValueSpecification","valueRequired":true,"valueName":"search_term_string"}}],"inLanguage":"fr-FR"},{"@type":"Organization","@id":"https:\/\/nb-bijoux.fr\/#organization","name":"Boutique de Najette Bordji, cr\u00e9atrice de bijoux artisan d'Art","url":"https:\/\/nb-bijoux.fr\/","logo":{"@type":"ImageObject","inLanguage":"fr-FR","@id":"https:\/\/nb-bijoux.fr\/#\/schema\/logo\/image\/","url":"https:\/\/nb-bijoux.fr\/wp-content\/uploads\/2023\/08\/cropped-cropped-cropped-logo.png","contentUrl":"https:\/\/nb-bijoux.fr\/wp-content\/uploads\/2023\/08\/cropped-cropped-cropped-logo.png","width":400,"height":60,"caption":"Boutique de Najette Bordji, cr\u00e9atrice de bijoux artisan d'Art"},"image":{"@id":"https:\/\/nb-bijoux.fr\/#\/schema\/logo\/image\/"},"sameAs":["https:\/\/www.facebook.com\/najette.bordjibijoux","https:\/\/www.instagram.com\/najettebordji\/"]}]}},"_links":{"self":[{"href":"https:\/\/nb-bijoux.fr\/index.php?rest_route=\/wp\/v2\/pages\/30","targetHints":{"allow":["GET"]}}],"collection":[{"href":"https:\/\/nb-bijoux.fr\/index.php?rest_route=\/wp\/v2\/pages"}],"about":[{"href":"https:\/\/nb-bijoux.fr\/index.php?rest_route=\/wp\/v2\/types\/page"}],"author":[{"embeddable":true,"href":"https:\/\/nb-bijoux.fr\/index.php?rest_route=\/wp\/v2\/users\/1"}],"replies":[{"embeddable":true,"href":"https:\/\/nb-bijoux.fr\/index.php?rest_route=%2Fwp%2Fv2%2Fcomments&post=30"}],"version-history":[{"count":0,"href":"https:\/\/nb-bijoux.fr\/index.php?rest_route=\/wp\/v2\/pages\/30\/revisions"}],"wp:attachment":[{"href":"https:\/\/nb-bijoux.fr\/index.php?rest_route=%2Fwp%2Fv2%2Fmedia&parent=30"}],"curies":[{"name":"wp","href":"https:\/\/api.w.org\/{rel}","templated":true}]}}